{"version":"1.0","provider_name":"IFN","provider_url":"https:\/\/ifamnews.com\/pl","author_name":"IFN English","author_url":"https:\/\/ifamnews.com\/pl\/author\/ifamnews-staff","title":"Czeski Senat g\u0142osuje przeciwko Konwencji Stambulskiej","type":"rich","width":600,"height":338,"html":"<blockquote class=\"wp-embedded-content\" data-secret=\"NctlFytA1m\"><a href=\"https:\/\/ifamnews.com\/pl\/czeski-senat-g-osuje-przeciwko-konwencji-stambulskiej\">Czeski Senat g\u0142osuje przeciwko Konwencji Stambulskiej<\/a><\/blockquote><iframe sandbox=\"allow-scripts\" security=\"restricted\" src=\"https:\/\/ifamnews.com\/pl\/czeski-senat-g-osuje-przeciwko-konwencji-stambulskiej\/embed#?secret=NctlFytA1m\" width=\"600\" height=\"338\" title=\"&#8222;Czeski Senat g\u0142osuje przeciwko Konwencji Stambulskiej&#8221; &#8212; IFN\" data-secret=\"NctlFytA1m\" frameborder=\"0\" marginwidth=\"0\" marginheight=\"0\" scrolling=\"no\" class=\"wp-embedded-content\"><\/iframe><script type=\"text\/javascript\">\n\/* <![CDATA[ *\/\n\/*! This file is auto-generated *\/\n!function(d,l){\"use strict\";l.querySelector&&d.addEventListener&&\"undefined\"!=typeof URL&&(d.wp=d.wp||{},d.wp.receiveEmbedMessage||(d.wp.receiveEmbedMessage=function(e){var t=e.data;if((t||t.secret||t.message||t.value)&&!\/[^a-zA-Z0-9]\/.test(t.secret)){for(var s,r,n,a=l.querySelectorAll('iframe[data-secret=\"'+t.secret+'\"]'),o=l.querySelectorAll('blockquote[data-secret=\"'+t.secret+'\"]'),c=new RegExp(\"^https?:$\",\"i\"),i=0;i<o.length;i++)o[i].style.display=\"none\";for(i=0;i<a.length;i++)s=a[i],e.source===s.contentWindow&&(s.removeAttribute(\"style\"),\"height\"===t.message?(1e3<(r=parseInt(t.value,10))?r=1e3:~~r<200&&(r=200),s.height=r):\"link\"===t.message&&(r=new URL(s.getAttribute(\"src\")),n=new URL(t.value),c.test(n.protocol))&&n.host===r.host&&l.activeElement===s&&(d.top.location.href=t.value))}},d.addEventListener(\"message\",d.wp.receiveEmbedMessage,!1),l.addEventListener(\"DOMContentLoaded\",function(){for(var e,t,s=l.querySelectorAll(\"iframe.wp-embedded-content\"),r=0;r<s.length;r++)(t=(e=s[r]).getAttribute(\"data-secret\"))||(t=Math.random().toString(36).substring(2,12),e.src+=\"#?secret=\"+t,e.setAttribute(\"data-secret\",t)),e.contentWindow.postMessage({message:\"ready\",secret:t},\"*\")},!1)))}(window,document);\n\/\/# sourceURL=https:\/\/ifamnews.com\/wp-includes\/js\/wp-embed.min.js\n\/* ]]> *\/\n<\/script>\n","thumbnail_url":"https:\/\/ifamnews.com\/wp-content\/uploads\/2024\/01\/czech-senate-ruski-radio-cz.jpg","thumbnail_width":700,"thumbnail_height":394,"description":"Czescy przeciwnicy Konwencji wyra\u017caj\u0105 te same obawy, co wiele innych kraj\u00f3w i Ko\u015bcio\u0142\u00f3w prawos\u0142awnych: \u017ce wprowadza ona nowe koncepcje m\u0119\u017cczyzn i kobiet oraz narzuca szkodliw\u0105 ideologi\u0119 p\u0142ci."}