{"version":"1.0","provider_name":"IFN","provider_url":"https:\/\/ifamnews.com\/fr","author_name":"Andrea Bartelloni","author_url":"https:\/\/ifamnews.com\/fr\/author\/andrea-bartelloni","title":"Les b\u00e9b\u00e9s avort\u00e9s souffrent","type":"rich","width":600,"height":338,"html":"<blockquote class=\"wp-embedded-content\" data-secret=\"SKXZ4mvVoS\"><a href=\"https:\/\/ifamnews.com\/fr\/les-b-b-s-avort-s-souffrent\">Les b\u00e9b\u00e9s avort\u00e9s souffrent<\/a><\/blockquote><iframe sandbox=\"allow-scripts\" security=\"restricted\" src=\"https:\/\/ifamnews.com\/fr\/les-b-b-s-avort-s-souffrent\/embed#?secret=SKXZ4mvVoS\" width=\"600\" height=\"338\" title=\"\u00ab\u00a0Les b\u00e9b\u00e9s avort\u00e9s souffrent\u00a0\u00bb &#8212; IFN\" data-secret=\"SKXZ4mvVoS\" frameborder=\"0\" marginwidth=\"0\" marginheight=\"0\" scrolling=\"no\" class=\"wp-embedded-content\"><\/iframe><script type=\"text\/javascript\">\n\/* <![CDATA[ *\/\n\/*! This file is auto-generated *\/\n!function(d,l){\"use strict\";l.querySelector&&d.addEventListener&&\"undefined\"!=typeof URL&&(d.wp=d.wp||{},d.wp.receiveEmbedMessage||(d.wp.receiveEmbedMessage=function(e){var t=e.data;if((t||t.secret||t.message||t.value)&&!\/[^a-zA-Z0-9]\/.test(t.secret)){for(var s,r,n,a=l.querySelectorAll('iframe[data-secret=\"'+t.secret+'\"]'),o=l.querySelectorAll('blockquote[data-secret=\"'+t.secret+'\"]'),c=new RegExp(\"^https?:$\",\"i\"),i=0;i<o.length;i++)o[i].style.display=\"none\";for(i=0;i<a.length;i++)s=a[i],e.source===s.contentWindow&&(s.removeAttribute(\"style\"),\"height\"===t.message?(1e3<(r=parseInt(t.value,10))?r=1e3:~~r<200&&(r=200),s.height=r):\"link\"===t.message&&(r=new URL(s.getAttribute(\"src\")),n=new URL(t.value),c.test(n.protocol))&&n.host===r.host&&l.activeElement===s&&(d.top.location.href=t.value))}},d.addEventListener(\"message\",d.wp.receiveEmbedMessage,!1),l.addEventListener(\"DOMContentLoaded\",function(){for(var e,t,s=l.querySelectorAll(\"iframe.wp-embedded-content\"),r=0;r<s.length;r++)(t=(e=s[r]).getAttribute(\"data-secret\"))||(t=Math.random().toString(36).substring(2,12),e.src+=\"#?secret=\"+t,e.setAttribute(\"data-secret\",t)),e.contentWindow.postMessage({message:\"ready\",secret:t},\"*\")},!1)))}(window,document);\n\/\/# sourceURL=https:\/\/ifamnews.com\/wp-includes\/js\/wp-embed.min.js\n\/* ]]> *\/\n<\/script>\n","thumbnail_url":"https:\/\/ifamnews.com\/wp-content\/uploads\/2020\/12\/Aborto.png","thumbnail_width":1287,"thumbnail_height":675,"description":"Le b\u00e9b\u00e9 dans le ventre de sa m\u00e8re ressent-il la douleur ? Si oui, comment la ressent-il et \u00e0 partir de quel moment du d\u00e9veloppement ? R\u00e9cemment, le quotidien \u00e9conomique national italien Il Sole-24Ore (23 oct 2022) est revenu sur cette question, en r\u00e9fl\u00e9chissant \u00e0 la vie intra-ut\u00e9rine vue du point de vue de l'enfant en pleine croissance qui est un participant actif, surtout dans la seconde moiti\u00e9 de la p\u00e9riode gestationnelle. Carlo Bellieni, p\u00e9diatre et n\u00e9onatologiste \u00e0 l'Universit\u00e9 de Sienne et l'un des principaux experts mondiaux pr\u00e9cis\u00e9ment sur la douleur pr\u00e9natale, a r\u00e9pondu aux questions importantes sur le sujet."}